{"id":281,"date":"2019-10-09T21:18:58","date_gmt":"2019-10-09T21:18:58","guid":{"rendered":"http:\/\/hallesche-pferdefreunde.de\/?page_id=281"},"modified":"2022-07-13T20:55:19","modified_gmt":"2022-07-13T20:55:19","slug":"erlebnis-geburtstag","status":"publish","type":"page","link":"https:\/\/hallesche-pferdefreunde.de\/?page_id=281","title":{"rendered":"Erlebnis-Geburtstage"},"content":{"rendered":"\n<p><strong>Abenteuer, wild und frei &#8211; Kindergeburtstag bei den Halleschen Pferdefreunden <\/strong> <\/p>\n\n\n\n<p>Erf\u00fcllt\neuch euren Traum auf unserem Naturerlebnishof und erlebt dort einen\nparadiesischen Tag!<\/p>\n\n\n\n<p>Ihr\nk\u00f6nnt\n<em>Pferdefreunde<\/em>\nwerden, in dem ihr sie z. B. zum Spielen, Spazieren und Picknicken\neinladet. Sie putzen, schm\u00fccken\nund bemalen geh\u00f6rt\nnat\u00fcrlich\nauch dazu. \n<\/p>\n\n\n\n<p>Habt\nihr Lust ein paar Runden mit unseren <em>bunten\nHunden<\/em>\nzu drehen und durch`s Gel\u00e4nde\nzu flitzen? Dabei k\u00f6nnt\nihr eine Menge \u00fcber\nunsere Hundefamilie erfahren. \n<\/p>\n\n\n\n<p>Oder\nwollt ihr als <em>Wildnisdetektive<\/em>\nmit allen Sinnen auf Spurensuche gehen? Ihr werdet staunen, was ihr\nauf dem Hof alles entdecken k\u00f6nnt?<\/p>\n\n\n\n<p>Als <em>Wiesenriesen<\/em> k\u00f6nnt ihr die Natur mal aus ganz anderer Perspektive erleben. Also hebt ab mit unseren au\u00dfergew\u00f6hnlichen Schaukeln und seht die Welt mal von ganz oben. <\/p>\n\n\n\n<p>Wie\nw\u00e4re\nes mit einer Traumreise? Lasst uns doch mal zu den <em>B<\/em><em>\u00e4<\/em><em>umen\ntr<\/em><em>\u00e4<\/em><em>umen<\/em>?\nWir reisen mit euch in die Seele der B\u00e4ume\noder sp\u00fcren\neuer Krafttier auf?<\/p>\n\n\n\n<p>Wie\nauch immer ihr euren Geburtstag erleben wollt, der Hof \u00f6ffnet\nsein geheimnisvolles Tor und schenkt euch einen unvergesslichen Tag.<\/p>\n\n\n\n<p>Uns\nliegt es am Herzen, den Kindern die pure Natur wieder erlebbar zu\nmachen und in sie mit allen Sinnen einzutauchen. Wir wollen den\nKindern zeigen, dass tiefe, innere Freude bei allem wichtig ist, was\nwir tun. Unser Hof bietet allerhand, dass dieses spielend einfach\ngelingen kann. Unendliche Wiesen, B\u00e4ume\nzum Klettern, Erde und Sand zum Buddeln oder Erforschen, Ton zum\nFormen, tolle Farben zum Malen, Naturmaterialien zum Bauen und\nBasteln und mittendrin und dabei unsere Tiere: Eine pr\u00e4chtige\nPferdeherde und verspielte Hunde verwandeln den Tag in etwas\nwunderbares und zaubern ganz nebenbei auch in euch etwas\neinzigartiges hervor. \n<\/p>\n\n\n\n<p>In\ndieser bunten Welt wird jeder Tag zu einem Fest im Hier und Jetzt!<\/p>\n\n\n\n<p>Der\nHof bietet zu jeder Jahreszeit und bei jedem Wetter viele sch\u00f6ne\nM\u00f6glichkeiten\nNatur zu entdecken und zu erleben. Die Tiere sind bereit und zeigen\nuns, was alles geht. \n<\/p>\n\n\n\n<p>Ein Unterschlupf bietet f\u00fcr alle F\u00e4lle ein gem\u00fctlicher Bauwagen mit einem w\u00e4rmenden Holzofen. Gekocht und gespeist werden kann draussen in unserer ger\u00e4umigen, \u00fcberdachten K\u00fcche selbst mitgebrachte oder auf Wunsch von uns zubereitete vegetarische und vegane Leckereien. <\/p>\n\n\n\n<p>Ihr\nerlebt zusammen mit euren Freunden zwei Stunden Kindergeburtstag nach\neuren W\u00fcnschen\ngestaltet und begleitet. Weitere ein bis zwei Stunden stehen euch\noffen bei ausklingendem Spiel und Zusammensein. \n<\/p>\n\n\n\n<p>Genaueres\n\u00fcber\ndie individuelle Gestaltung des Kindergeburtstages und die\nVerpflegung besprechen wir gern bei einem telefonischen Gespr\u00e4ch\noder per Mail. \n<\/p>\n\n\n\n<p>Unsere\nKontakte: <a href=\"mailto:beate.laue@gmx.de\">beate.laue@gmx.de<\/a>,\n0157-59717695 (Verein), <a href=\"mailto:mail@antjesellig.de\">mail@antjesellig.de<\/a>,\n0162-4512087 (Organisation Kindergeburtstage)<\/p>\n\n\n\n<p>Ihr\nd\u00fcrft\nsehr gern f\u00fcr\nso viel erlebte Freude bei eurem Kindergeburtstag, die dort\nschaffenden Menschen und Tiere mit 220 Euro unterst\u00fctzen\nund aktiv befl\u00fcgeln.\nAuch unsere Projekte leben und entwickeln sich durch euch. Ganz\nlieben Dank!<\/p>\n\n\n\n<p>Wir\nfreuen uns auf euch!  \n<\/p>\n\n\n\n<figure class=\"wp-block-image\"><img loading=\"lazy\" decoding=\"async\" width=\"834\" height=\"1024\" src=\"https:\/\/hallesche-pferdefreunde.de\/wp-content\/uploads\/2019\/10\/Flyer_KiGeBu-Rueck_n_Reim-834x1024.jpg\" alt=\"\" class=\"wp-image-277\" srcset=\"https:\/\/hallesche-pferdefreunde.de\/wp-content\/uploads\/2019\/10\/Flyer_KiGeBu-Rueck_n_Reim-834x1024.jpg 834w, https:\/\/hallesche-pferdefreunde.de\/wp-content\/uploads\/2019\/10\/Flyer_KiGeBu-Rueck_n_Reim-244x300.jpg 244w, https:\/\/hallesche-pferdefreunde.de\/wp-content\/uploads\/2019\/10\/Flyer_KiGeBu-Rueck_n_Reim-768x943.jpg 768w, https:\/\/hallesche-pferdefreunde.de\/wp-content\/uploads\/2019\/10\/Flyer_KiGeBu-Rueck_n_Reim.jpg 1181w\" sizes=\"auto, (max-width: 834px) 100vw, 834px\" \/><\/figure>\n","protected":false},"excerpt":{"rendered":"<p>Abenteuer, wild und frei &#8211; Kindergeburtstag bei den Halleschen Pferdefreunden Erf\u00fcllt euch euren Traum auf unserem Naturerlebnishof und erlebt dort einen paradiesischen Tag! Ihr k\u00f6nnt Pferdefreunde werden, in dem ihr sie z. B. zum Spielen, Spazieren und Picknicken einladet. Sie putzen, schm\u00fccken und bemalen geh\u00f6rt nat\u00fcrlich auch dazu. Habt ihr Lust ein paar Runden mit unseren bunten Hunden zu drehen und durch`s Gel\u00e4nde zu flitzen? Dabei k\u00f6nnt ihr eine Menge \u00fcber unsere Hundefamilie erfahren. Oder wollt ihr als Wildnisdetektive mit&#8230;<\/p>\n<p class=\"read-more\"><a class=\"btn btn-default\" href=\"https:\/\/hallesche-pferdefreunde.de\/?page_id=281\">Weiterlesen<span class=\"screen-reader-text\"> Weiterlesen<\/span><\/a><\/p>\n","protected":false},"author":1,"featured_media":292,"parent":0,"menu_order":0,"comment_status":"closed","ping_status":"closed","template":"","meta":{"jetpack_post_was_ever_published":false,"footnotes":""},"class_list":["post-281","page","type-page","status-publish","has-post-thumbnail","hentry"],"jetpack_sharing_enabled":true,"jetpack_shortlink":"https:\/\/wp.me\/PaN8jE-4x","_links":{"self":[{"href":"https:\/\/hallesche-pferdefreunde.de\/index.php?rest_route=\/wp\/v2\/pages\/281","targetHints":{"allow":["GET"]}}],"collection":[{"href":"https:\/\/hallesche-pferdefreunde.de\/index.php?rest_route=\/wp\/v2\/pages"}],"about":[{"href":"https:\/\/hallesche-pferdefreunde.de\/index.php?rest_route=\/wp\/v2\/types\/page"}],"author":[{"embeddable":true,"href":"https:\/\/hallesche-pferdefreunde.de\/index.php?rest_route=\/wp\/v2\/users\/1"}],"replies":[{"embeddable":true,"href":"https:\/\/hallesche-pferdefreunde.de\/index.php?rest_route=%2Fwp%2Fv2%2Fcomments&post=281"}],"version-history":[{"count":3,"href":"https:\/\/hallesche-pferdefreunde.de\/index.php?rest_route=\/wp\/v2\/pages\/281\/revisions"}],"predecessor-version":[{"id":325,"href":"https:\/\/hallesche-pferdefreunde.de\/index.php?rest_route=\/wp\/v2\/pages\/281\/revisions\/325"}],"wp:featuredmedia":[{"embeddable":true,"href":"https:\/\/hallesche-pferdefreunde.de\/index.php?rest_route=\/wp\/v2\/media\/292"}],"wp:attachment":[{"href":"https:\/\/hallesche-pferdefreunde.de\/index.php?rest_route=%2Fwp%2Fv2%2Fmedia&parent=281"}],"curies":[{"name":"wp","href":"https:\/\/api.w.org\/{rel}","templated":true}]}}